




{"id":2576,"date":"2020-07-29T07:46:31","date_gmt":"2020-07-29T07:46:31","guid":{"rendered":"https:\/\/xn--blsesjn-5wa1o.com\/accommodation\/sommerhaus-in-kilafors-am-see\/"},"modified":"2024-01-26T07:25:29","modified_gmt":"2024-01-26T07:25:29","slug":"sommarhus-i-kilafors-vid-sjoen","status":"publish","type":"mphb_room_type","link":"https:\/\/xn--blsesjn-5wa1o.com\/sv\/accommodation\/sommarhus-i-kilafors-vid-sjoen\/","title":{"rendered":"Stuga i Kilafors vid sj\u00f6n"},"content":{"rendered":"\n<h2 class=\"wp-block-heading\">Om g\u00e4sthuset<\/h2>\n\n\n<p>G\u00e4sthuset, som byggdes \u00e5r 2020\/2021, \u00e4r 70 kvm och rymmer upp till 4 personer. Med en mycket v\u00e4lutrustad vardagsrum och k\u00f6k, ett rymligt badrum med dusch samt tv\u00e5 sovrum med dubbels\u00e4ngar, erbjuder det en bekv\u00e4m och avkopplande vistelse. Vardagsrummet lockar med en mysig braskamin d\u00e4r man kan koppla av, l\u00e4sa och l\u00e5ta sj\u00e4len vila med en kopp te. Den t\u00e4ckta terrassen med utsikt \u00f6ver sj\u00f6n ger m\u00f6jlighet att l\u00e4mna vardagen bakom sig och njuta av lugnet.<\/p>\n\n\n<div class=\"wp-block-getwid-images-slider has-arrows-outside has-dots-outside is-carousel has-slides-gap-small has-images-center has-cropped-images\"><div class=\"wp-block-getwid-images-slider__wrapper\" data-effect=\"slide\" data-slides-show=\"3\" data-slides-show-laptop=\"1\" data-slides-show-tablet=\"1\" data-slides-show-mobile=\"1\" data-slides-scroll=\"1\" data-autoplay=\"false\" data-autoplay-speed=\"6000\" data-infinite=\"false\" data-animation-speed=\"800\" data-center-mode=\"false\" data-variable-width=\"false\" data-arrows=\"outside\" data-dots=\"outside\" data-spacing=\"small\"><div class=\"wp-block-getwid-images-slider__item\"><a href=\"https:\/\/xn--blsesjn-5wa1o.com\/wp-content\/uploads\/2024\/01\/20230921_122607-scaled.jpg\" data-rel=\"lightbox-image-0\" data-magnific_type=\"image\" data-rl_title=\"\" data-rl_caption=\"\" title=\"\"><figure><img loading=\"lazy\" decoding=\"async\" width=\"2560\" height=\"1920\" src=\"https:\/\/xn--blsesjn-5wa1o.com\/wp-content\/uploads\/2024\/01\/20230921_122607-scaled.jpg\" alt=\"Unser G\u00e4stehaus am B\u00e4lsesj\u00f6n in Belse, Kilafors.\" data-id=\"3478\" data-link=\"https:\/\/xn--blsesjn-5wa1o.com\/20230921_122607\/\" data-original-link=\"https:\/\/xn--blsesjn-5wa1o.com\/wp-content\/uploads\/2024\/01\/20230921_122607-scaled.jpg\" class=\"wp-block-getwid-images-slider__image wp-image-3478\" srcset=\"https:\/\/xn--blsesjn-5wa1o.com\/wp-content\/uploads\/2024\/01\/20230921_122607-scaled.jpg 2560w, https:\/\/xn--blsesjn-5wa1o.com\/wp-content\/uploads\/2024\/01\/20230921_122607-300x225.jpg 300w, https:\/\/xn--blsesjn-5wa1o.com\/wp-content\/uploads\/2024\/01\/20230921_122607-1024x768.jpg 1024w, https:\/\/xn--blsesjn-5wa1o.com\/wp-content\/uploads\/2024\/01\/20230921_122607-768x576.jpg 768w, https:\/\/xn--blsesjn-5wa1o.com\/wp-content\/uploads\/2024\/01\/20230921_122607-1536x1152.jpg 1536w, https:\/\/xn--blsesjn-5wa1o.com\/wp-content\/uploads\/2024\/01\/20230921_122607-2048x1536.jpg 2048w, https:\/\/xn--blsesjn-5wa1o.com\/wp-content\/uploads\/2024\/01\/20230921_122607-1170x878.jpg 1170w\" sizes=\"auto, (max-width: 2560px) 100vw, 2560px\" \/><figcaption class=\"wp-block-getwid-images-slider__caption\">Unser G\u00e4stehaus am B\u00e4lsesj\u00f6n in Belse, Kilafors.<\/figcaption><\/figure><\/a><\/div><div class=\"wp-block-getwid-images-slider__item\"><a href=\"https:\/\/xn--blsesjn-5wa1o.com\/wp-content\/uploads\/2024\/01\/20230507_114046-1-scaled.jpg\" data-rel=\"lightbox-image-1\" data-magnific_type=\"image\" data-rl_title=\"\" data-rl_caption=\"\" title=\"\"><figure><img loading=\"lazy\" decoding=\"async\" width=\"1920\" height=\"2560\" src=\"https:\/\/xn--blsesjn-5wa1o.com\/wp-content\/uploads\/2024\/01\/20230507_114046-1-scaled.jpg\" data-id=\"3681\" data-link=\"https:\/\/xn--blsesjn-5wa1o.com\/?attachment_id=3681\" data-original-link=\"https:\/\/xn--blsesjn-5wa1o.com\/wp-content\/uploads\/2024\/01\/20230507_114046-1-scaled.jpg\" class=\"wp-block-getwid-images-slider__image wp-image-3681\" srcset=\"https:\/\/xn--blsesjn-5wa1o.com\/wp-content\/uploads\/2024\/01\/20230507_114046-1-scaled.jpg 1920w, https:\/\/xn--blsesjn-5wa1o.com\/wp-content\/uploads\/2024\/01\/20230507_114046-1-225x300.jpg 225w, https:\/\/xn--blsesjn-5wa1o.com\/wp-content\/uploads\/2024\/01\/20230507_114046-1-768x1024.jpg 768w, https:\/\/xn--blsesjn-5wa1o.com\/wp-content\/uploads\/2024\/01\/20230507_114046-1-1152x1536.jpg 1152w, https:\/\/xn--blsesjn-5wa1o.com\/wp-content\/uploads\/2024\/01\/20230507_114046-1-1536x2048.jpg 1536w, https:\/\/xn--blsesjn-5wa1o.com\/wp-content\/uploads\/2024\/01\/20230507_114046-1-1170x1560.jpg 1170w\" sizes=\"auto, (max-width: 1920px) 100vw, 1920px\" \/><\/figure><\/a><\/div><div class=\"wp-block-getwid-images-slider__item\"><a href=\"https:\/\/xn--blsesjn-5wa1o.com\/wp-content\/uploads\/2020\/07\/Ga\u0308stehaus_2.jpg\" data-rel=\"lightbox-image-2\" data-magnific_type=\"image\" data-rl_title=\"\" data-rl_caption=\"\" title=\"\"><figure><img loading=\"lazy\" decoding=\"async\" width=\"2000\" height=\"1333\" src=\"https:\/\/xn--blsesjn-5wa1o.com\/wp-content\/uploads\/2020\/07\/Ga\u0308stehaus_2.jpg\" data-id=\"2426\" data-link=\"https:\/\/xn--blsesjn-5wa1o.com\/accommodation\/sommerhaus-in-kilafors-am-see\/ga%cc%88stehaus_2\/\" data-original-link=\"https:\/\/xn--blsesjn-5wa1o.com\/wp-content\/uploads\/2020\/07\/Ga\u0308stehaus_2.jpg\" class=\"wp-block-getwid-images-slider__image wp-image-2426\" srcset=\"https:\/\/xn--blsesjn-5wa1o.com\/wp-content\/uploads\/2020\/07\/Ga\u0308stehaus_2.jpg 2000w, https:\/\/xn--blsesjn-5wa1o.com\/wp-content\/uploads\/2020\/07\/Ga\u0308stehaus_2-300x200.jpg 300w, https:\/\/xn--blsesjn-5wa1o.com\/wp-content\/uploads\/2020\/07\/Ga\u0308stehaus_2-1024x682.jpg 1024w, https:\/\/xn--blsesjn-5wa1o.com\/wp-content\/uploads\/2020\/07\/Ga\u0308stehaus_2-768x512.jpg 768w, https:\/\/xn--blsesjn-5wa1o.com\/wp-content\/uploads\/2020\/07\/Ga\u0308stehaus_2-1536x1024.jpg 1536w, https:\/\/xn--blsesjn-5wa1o.com\/wp-content\/uploads\/2020\/07\/Ga\u0308stehaus_2-1170x780.jpg 1170w\" sizes=\"auto, (max-width: 2000px) 100vw, 2000px\" \/><\/figure><\/a><\/div><div class=\"wp-block-getwid-images-slider__item\"><a href=\"https:\/\/xn--blsesjn-5wa1o.com\/wp-content\/uploads\/2024\/01\/20230507_113918-scaled.jpg\" data-rel=\"lightbox-image-3\" data-magnific_type=\"image\" data-rl_title=\"\" data-rl_caption=\"\" title=\"\"><figure><img loading=\"lazy\" decoding=\"async\" width=\"1920\" height=\"2560\" src=\"https:\/\/xn--blsesjn-5wa1o.com\/wp-content\/uploads\/2024\/01\/20230507_113918-scaled.jpg\" data-id=\"3675\" data-link=\"https:\/\/xn--blsesjn-5wa1o.com\/?attachment_id=3675\" data-original-link=\"https:\/\/xn--blsesjn-5wa1o.com\/wp-content\/uploads\/2024\/01\/20230507_113918-scaled.jpg\" class=\"wp-block-getwid-images-slider__image wp-image-3675\" srcset=\"https:\/\/xn--blsesjn-5wa1o.com\/wp-content\/uploads\/2024\/01\/20230507_113918-scaled.jpg 1920w, https:\/\/xn--blsesjn-5wa1o.com\/wp-content\/uploads\/2024\/01\/20230507_113918-225x300.jpg 225w, https:\/\/xn--blsesjn-5wa1o.com\/wp-content\/uploads\/2024\/01\/20230507_113918-768x1024.jpg 768w, https:\/\/xn--blsesjn-5wa1o.com\/wp-content\/uploads\/2024\/01\/20230507_113918-1152x1536.jpg 1152w, https:\/\/xn--blsesjn-5wa1o.com\/wp-content\/uploads\/2024\/01\/20230507_113918-1536x2048.jpg 1536w, https:\/\/xn--blsesjn-5wa1o.com\/wp-content\/uploads\/2024\/01\/20230507_113918-1170x1560.jpg 1170w\" sizes=\"auto, (max-width: 1920px) 100vw, 1920px\" \/><\/figure><\/a><\/div><div class=\"wp-block-getwid-images-slider__item\"><a href=\"https:\/\/xn--blsesjn-5wa1o.com\/wp-content\/uploads\/2024\/01\/20230507_113945-scaled.jpg\" data-rel=\"lightbox-image-4\" data-magnific_type=\"image\" data-rl_title=\"\" data-rl_caption=\"\" title=\"\"><figure><img loading=\"lazy\" decoding=\"async\" width=\"1920\" height=\"2560\" src=\"https:\/\/xn--blsesjn-5wa1o.com\/wp-content\/uploads\/2024\/01\/20230507_113945-scaled.jpg\" data-id=\"3678\" data-link=\"https:\/\/xn--blsesjn-5wa1o.com\/?attachment_id=3678\" data-original-link=\"https:\/\/xn--blsesjn-5wa1o.com\/wp-content\/uploads\/2024\/01\/20230507_113945-scaled.jpg\" class=\"wp-block-getwid-images-slider__image wp-image-3678\" srcset=\"https:\/\/xn--blsesjn-5wa1o.com\/wp-content\/uploads\/2024\/01\/20230507_113945-scaled.jpg 1920w, https:\/\/xn--blsesjn-5wa1o.com\/wp-content\/uploads\/2024\/01\/20230507_113945-225x300.jpg 225w, https:\/\/xn--blsesjn-5wa1o.com\/wp-content\/uploads\/2024\/01\/20230507_113945-768x1024.jpg 768w, https:\/\/xn--blsesjn-5wa1o.com\/wp-content\/uploads\/2024\/01\/20230507_113945-1152x1536.jpg 1152w, https:\/\/xn--blsesjn-5wa1o.com\/wp-content\/uploads\/2024\/01\/20230507_113945-1536x2048.jpg 1536w, https:\/\/xn--blsesjn-5wa1o.com\/wp-content\/uploads\/2024\/01\/20230507_113945-1170x1560.jpg 1170w\" sizes=\"auto, (max-width: 1920px) 100vw, 1920px\" \/><\/figure><\/a><\/div><div class=\"wp-block-getwid-images-slider__item\"><a href=\"https:\/\/xn--blsesjn-5wa1o.com\/wp-content\/uploads\/2020\/07\/Ga\u0308stehaus_11.jpg\" data-rel=\"lightbox-image-5\" data-magnific_type=\"image\" data-rl_title=\"\" data-rl_caption=\"\" title=\"\"><figure><img loading=\"lazy\" decoding=\"async\" width=\"2000\" height=\"1333\" src=\"https:\/\/xn--blsesjn-5wa1o.com\/wp-content\/uploads\/2020\/07\/Ga\u0308stehaus_11.jpg\" data-id=\"2423\" data-link=\"https:\/\/xn--blsesjn-5wa1o.com\/accommodation\/sommerhaus-in-kilafors-am-see\/ga%cc%88stehaus_11\/\" data-original-link=\"https:\/\/xn--blsesjn-5wa1o.com\/wp-content\/uploads\/2020\/07\/Ga\u0308stehaus_11.jpg\" class=\"wp-block-getwid-images-slider__image wp-image-2423\" srcset=\"https:\/\/xn--blsesjn-5wa1o.com\/wp-content\/uploads\/2020\/07\/Ga\u0308stehaus_11.jpg 2000w, https:\/\/xn--blsesjn-5wa1o.com\/wp-content\/uploads\/2020\/07\/Ga\u0308stehaus_11-300x200.jpg 300w, https:\/\/xn--blsesjn-5wa1o.com\/wp-content\/uploads\/2020\/07\/Ga\u0308stehaus_11-1024x682.jpg 1024w, https:\/\/xn--blsesjn-5wa1o.com\/wp-content\/uploads\/2020\/07\/Ga\u0308stehaus_11-768x512.jpg 768w, https:\/\/xn--blsesjn-5wa1o.com\/wp-content\/uploads\/2020\/07\/Ga\u0308stehaus_11-1536x1024.jpg 1536w, https:\/\/xn--blsesjn-5wa1o.com\/wp-content\/uploads\/2020\/07\/Ga\u0308stehaus_11-1170x780.jpg 1170w\" sizes=\"auto, (max-width: 2000px) 100vw, 2000px\" \/><\/figure><\/a><\/div><div class=\"wp-block-getwid-images-slider__item\"><a href=\"https:\/\/xn--blsesjn-5wa1o.com\/wp-content\/uploads\/2020\/07\/Ga\u0308stehaus_10.jpg\" data-rel=\"lightbox-image-6\" data-magnific_type=\"image\" data-rl_title=\"\" data-rl_caption=\"\" title=\"\"><figure><img loading=\"lazy\" decoding=\"async\" width=\"1333\" height=\"2000\" src=\"https:\/\/xn--blsesjn-5wa1o.com\/wp-content\/uploads\/2020\/07\/Ga\u0308stehaus_10.jpg\" data-id=\"2420\" data-link=\"https:\/\/xn--blsesjn-5wa1o.com\/accommodation\/sommerhaus-in-kilafors-am-see\/ga%cc%88stehaus_10\/\" data-original-link=\"https:\/\/xn--blsesjn-5wa1o.com\/wp-content\/uploads\/2020\/07\/Ga\u0308stehaus_10.jpg\" class=\"wp-block-getwid-images-slider__image wp-image-2420\" srcset=\"https:\/\/xn--blsesjn-5wa1o.com\/wp-content\/uploads\/2020\/07\/Ga\u0308stehaus_10.jpg 1333w, https:\/\/xn--blsesjn-5wa1o.com\/wp-content\/uploads\/2020\/07\/Ga\u0308stehaus_10-200x300.jpg 200w, https:\/\/xn--blsesjn-5wa1o.com\/wp-content\/uploads\/2020\/07\/Ga\u0308stehaus_10-682x1024.jpg 682w, https:\/\/xn--blsesjn-5wa1o.com\/wp-content\/uploads\/2020\/07\/Ga\u0308stehaus_10-768x1152.jpg 768w, https:\/\/xn--blsesjn-5wa1o.com\/wp-content\/uploads\/2020\/07\/Ga\u0308stehaus_10-1024x1536.jpg 1024w, https:\/\/xn--blsesjn-5wa1o.com\/wp-content\/uploads\/2020\/07\/Ga\u0308stehaus_10-1170x1755.jpg 1170w\" sizes=\"auto, (max-width: 1333px) 100vw, 1333px\" \/><\/figure><\/a><\/div><div class=\"wp-block-getwid-images-slider__item\"><a href=\"https:\/\/xn--blsesjn-5wa1o.com\/wp-content\/uploads\/2024\/01\/20230507_113855-scaled.jpg\" data-rel=\"lightbox-image-7\" data-magnific_type=\"image\" data-rl_title=\"\" data-rl_caption=\"\" title=\"\"><figure><img loading=\"lazy\" decoding=\"async\" width=\"1920\" height=\"2560\" src=\"https:\/\/xn--blsesjn-5wa1o.com\/wp-content\/uploads\/2024\/01\/20230507_113855-scaled.jpg\" data-id=\"3669\" data-link=\"https:\/\/xn--blsesjn-5wa1o.com\/?attachment_id=3669\" data-original-link=\"https:\/\/xn--blsesjn-5wa1o.com\/wp-content\/uploads\/2024\/01\/20230507_113855-scaled.jpg\" class=\"wp-block-getwid-images-slider__image wp-image-3669\" srcset=\"https:\/\/xn--blsesjn-5wa1o.com\/wp-content\/uploads\/2024\/01\/20230507_113855-scaled.jpg 1920w, https:\/\/xn--blsesjn-5wa1o.com\/wp-content\/uploads\/2024\/01\/20230507_113855-225x300.jpg 225w, https:\/\/xn--blsesjn-5wa1o.com\/wp-content\/uploads\/2024\/01\/20230507_113855-768x1024.jpg 768w, https:\/\/xn--blsesjn-5wa1o.com\/wp-content\/uploads\/2024\/01\/20230507_113855-1152x1536.jpg 1152w, https:\/\/xn--blsesjn-5wa1o.com\/wp-content\/uploads\/2024\/01\/20230507_113855-1536x2048.jpg 1536w, https:\/\/xn--blsesjn-5wa1o.com\/wp-content\/uploads\/2024\/01\/20230507_113855-1170x1560.jpg 1170w\" sizes=\"auto, (max-width: 1920px) 100vw, 1920px\" \/><\/figure><\/a><\/div><div class=\"wp-block-getwid-images-slider__item\"><a href=\"https:\/\/xn--blsesjn-5wa1o.com\/wp-content\/uploads\/2024\/01\/20230507_113904-scaled.jpg\" data-rel=\"lightbox-image-8\" data-magnific_type=\"image\" data-rl_title=\"\" data-rl_caption=\"\" title=\"\"><figure><img loading=\"lazy\" decoding=\"async\" width=\"1920\" height=\"2560\" src=\"https:\/\/xn--blsesjn-5wa1o.com\/wp-content\/uploads\/2024\/01\/20230507_113904-scaled.jpg\" data-id=\"3672\" data-link=\"https:\/\/xn--blsesjn-5wa1o.com\/?attachment_id=3672\" data-original-link=\"https:\/\/xn--blsesjn-5wa1o.com\/wp-content\/uploads\/2024\/01\/20230507_113904-scaled.jpg\" class=\"wp-block-getwid-images-slider__image wp-image-3672\" srcset=\"https:\/\/xn--blsesjn-5wa1o.com\/wp-content\/uploads\/2024\/01\/20230507_113904-scaled.jpg 1920w, https:\/\/xn--blsesjn-5wa1o.com\/wp-content\/uploads\/2024\/01\/20230507_113904-225x300.jpg 225w, https:\/\/xn--blsesjn-5wa1o.com\/wp-content\/uploads\/2024\/01\/20230507_113904-768x1024.jpg 768w, https:\/\/xn--blsesjn-5wa1o.com\/wp-content\/uploads\/2024\/01\/20230507_113904-1152x1536.jpg 1152w, https:\/\/xn--blsesjn-5wa1o.com\/wp-content\/uploads\/2024\/01\/20230507_113904-1536x2048.jpg 1536w, https:\/\/xn--blsesjn-5wa1o.com\/wp-content\/uploads\/2024\/01\/20230507_113904-1170x1560.jpg 1170w\" sizes=\"auto, (max-width: 1920px) 100vw, 1920px\" \/><\/figure><\/a><\/div><div class=\"wp-block-getwid-images-slider__item\"><a href=\"https:\/\/xn--blsesjn-5wa1o.com\/wp-content\/uploads\/2020\/07\/Gaestehaus_16.jpg\" data-rel=\"lightbox-image-9\" data-magnific_type=\"image\" data-rl_title=\"\" data-rl_caption=\"\" title=\"\"><figure><img loading=\"lazy\" decoding=\"async\" width=\"1512\" height=\"2016\" src=\"https:\/\/xn--blsesjn-5wa1o.com\/wp-content\/uploads\/2020\/07\/Gaestehaus_16.jpg\" data-id=\"2441\" data-link=\"https:\/\/xn--blsesjn-5wa1o.com\/accommodation\/sommerhaus-in-kilafors-am-see\/gaestehaus_16\/\" data-original-link=\"https:\/\/xn--blsesjn-5wa1o.com\/wp-content\/uploads\/2020\/07\/Gaestehaus_16.jpg\" class=\"wp-block-getwid-images-slider__image wp-image-2441\" srcset=\"https:\/\/xn--blsesjn-5wa1o.com\/wp-content\/uploads\/2020\/07\/Gaestehaus_16.jpg 1512w, https:\/\/xn--blsesjn-5wa1o.com\/wp-content\/uploads\/2020\/07\/Gaestehaus_16-225x300.jpg 225w, https:\/\/xn--blsesjn-5wa1o.com\/wp-content\/uploads\/2020\/07\/Gaestehaus_16-768x1024.jpg 768w, https:\/\/xn--blsesjn-5wa1o.com\/wp-content\/uploads\/2020\/07\/Gaestehaus_16-1152x1536.jpg 1152w, https:\/\/xn--blsesjn-5wa1o.com\/wp-content\/uploads\/2020\/07\/Gaestehaus_16-1170x1560.jpg 1170w\" sizes=\"auto, (max-width: 1512px) 100vw, 1512px\" \/><\/figure><\/a><\/div><div class=\"wp-block-getwid-images-slider__item\"><a href=\"https:\/\/xn--blsesjn-5wa1o.com\/wp-content\/uploads\/2020\/07\/Ga\u0308stehaus_3.jpg\" data-rel=\"lightbox-image-10\" data-magnific_type=\"image\" data-rl_title=\"\" data-rl_caption=\"\" title=\"\"><figure><img loading=\"lazy\" decoding=\"async\" width=\"1333\" height=\"2000\" src=\"https:\/\/xn--blsesjn-5wa1o.com\/wp-content\/uploads\/2020\/07\/Ga\u0308stehaus_3.jpg\" data-id=\"2402\" data-link=\"https:\/\/xn--blsesjn-5wa1o.com\/accommodation\/sommerhaus-in-kilafors-am-see\/ga%cc%88stehaus_3\/\" data-original-link=\"https:\/\/xn--blsesjn-5wa1o.com\/wp-content\/uploads\/2020\/07\/Ga\u0308stehaus_3.jpg\" class=\"wp-block-getwid-images-slider__image wp-image-2402\" srcset=\"https:\/\/xn--blsesjn-5wa1o.com\/wp-content\/uploads\/2020\/07\/Ga\u0308stehaus_3.jpg 1333w, https:\/\/xn--blsesjn-5wa1o.com\/wp-content\/uploads\/2020\/07\/Ga\u0308stehaus_3-200x300.jpg 200w, https:\/\/xn--blsesjn-5wa1o.com\/wp-content\/uploads\/2020\/07\/Ga\u0308stehaus_3-682x1024.jpg 682w, https:\/\/xn--blsesjn-5wa1o.com\/wp-content\/uploads\/2020\/07\/Ga\u0308stehaus_3-768x1152.jpg 768w, https:\/\/xn--blsesjn-5wa1o.com\/wp-content\/uploads\/2020\/07\/Ga\u0308stehaus_3-1024x1536.jpg 1024w, https:\/\/xn--blsesjn-5wa1o.com\/wp-content\/uploads\/2020\/07\/Ga\u0308stehaus_3-1170x1755.jpg 1170w\" sizes=\"auto, (max-width: 1333px) 100vw, 1333px\" \/><\/figure><\/a><\/div><div class=\"wp-block-getwid-images-slider__item\"><a href=\"https:\/\/xn--blsesjn-5wa1o.com\/wp-content\/uploads\/2020\/07\/Ga\u0308stehaus_6.jpg\" data-rel=\"lightbox-image-11\" data-magnific_type=\"image\" data-rl_title=\"\" data-rl_caption=\"\" title=\"\"><figure><img loading=\"lazy\" decoding=\"async\" width=\"1333\" height=\"2000\" src=\"https:\/\/xn--blsesjn-5wa1o.com\/wp-content\/uploads\/2020\/07\/Ga\u0308stehaus_6.jpg\" data-id=\"2399\" data-link=\"https:\/\/xn--blsesjn-5wa1o.com\/accommodation\/sommerhaus-in-kilafors-am-see\/ga%cc%88stehaus_6\/\" data-original-link=\"https:\/\/xn--blsesjn-5wa1o.com\/wp-content\/uploads\/2020\/07\/Ga\u0308stehaus_6.jpg\" class=\"wp-block-getwid-images-slider__image wp-image-2399\" srcset=\"https:\/\/xn--blsesjn-5wa1o.com\/wp-content\/uploads\/2020\/07\/Ga\u0308stehaus_6.jpg 1333w, https:\/\/xn--blsesjn-5wa1o.com\/wp-content\/uploads\/2020\/07\/Ga\u0308stehaus_6-200x300.jpg 200w, https:\/\/xn--blsesjn-5wa1o.com\/wp-content\/uploads\/2020\/07\/Ga\u0308stehaus_6-682x1024.jpg 682w, https:\/\/xn--blsesjn-5wa1o.com\/wp-content\/uploads\/2020\/07\/Ga\u0308stehaus_6-768x1152.jpg 768w, https:\/\/xn--blsesjn-5wa1o.com\/wp-content\/uploads\/2020\/07\/Ga\u0308stehaus_6-1024x1536.jpg 1024w, https:\/\/xn--blsesjn-5wa1o.com\/wp-content\/uploads\/2020\/07\/Ga\u0308stehaus_6-1170x1755.jpg 1170w\" sizes=\"auto, (max-width: 1333px) 100vw, 1333px\" \/><\/figure><\/a><\/div><\/div><\/div>\n\n\n\n<h2 class=\"wp-block-heading\">Detaljer om huset<\/h2>\n\n\n<div class=\"mphb_sc_room-wrapper \"><div class=\"mphb-room-type post-2576 mphb_room_type type-mphb_room_type status-publish has-post-thumbnail mphb_room_type_category-ferienhaus-sv mphb-room-type-adults-4 mphb-room-type-children-0 \">\n\n\t\n\t\n\t\n<\/div>\n<\/div>\n\n\n<div class=\"wp-block-columns is-layout-flex wp-container-core-columns-is-layout-9d6595d7 wp-block-columns-is-layout-flex\">\n<div class=\"wp-block-column is-layout-flow wp-block-column-is-layout-flow\">\n<ul class=\"wp-block-list\">\n<li><strong><strong>Antal personer:<\/strong> <\/strong>4<\/li>\n\n\n\n<li><strong><strong>Storlek:<\/strong> <\/strong>70 kvm<\/li>\n\n\n\n<li><strong><strong>Faciliteter:<\/strong> <\/strong>V\u00e4lutrustat k\u00f6k, badrum med dusch, braskamin, t\u00e4ckt terrass, tr\u00e4dg\u00e5rdsm\u00f6bler, grill och cyklar<\/li>\n\n\n\n<li><strong><strong>El:<\/strong> <\/strong>Elkostnaderna ing\u00e5r i hyran.<\/li>\n\n\n\n<li><strong><strong>Slutst\u00e4dning:<\/strong> <\/strong>Slutst\u00e4dningen g\u00f6rs av hyresv\u00e4rden och kostar 1&#8217;200 SEK extra. Huset l\u00e4mnar du st\u00e4dat i kvast rent skick p\u00e5 avresedagen.<\/li>\n\n\n\n<li><strong><strong>Lakan:<\/strong> <\/strong>S\u00e4ngkl\u00e4der och handdukar tillhandah\u00e5lls och ing\u00e5r i hyran.<\/li>\n\n\n\n<li><strong><strong>Djur:<\/strong> <\/strong>Hundar till\u00e5tna<\/li>\n\n\n\n<li><strong><strong>Roddb\u00e5t \/ elmotor:<\/strong> <\/strong>anv\u00e4ndning ing\u00e5r i hyran.<\/li>\n\n\n\n<li><strong><strong>Spabad:<\/strong> <\/strong>Anv\u00e4ndning inkl. ved ing\u00e5r i hyran.<\/li>\n\n\n\n<li><strong><strong>Bastu:<\/strong> <\/strong>Anv\u00e4ndning inkl. ved ing\u00e5r i hyran.<\/li>\n\n\n\n<li><strong><strong>Minsta hyresperiod:<\/strong> <\/strong>1 vecka<\/li>\n\n\n\n<li><strong><strong>Ankomst- och avresedag:<\/strong> <\/strong>L\u00f6rdag eller enligt \u00f6verenskommelse.<\/li>\n\n\n\n<li><strong><strong>TV:<\/strong> <\/strong>Det finns ingen TV i huset.<\/li>\n\n\n\n<li><strong><strong>Tillg\u00e5ng till Internet:<\/strong> <\/strong>Det finns en internetanslutning.<\/li>\n<\/ul>\n\n\n\n<h2 class=\"wp-block-heading\">Avgifter<\/h2>\n\n\n\n<ul class=\"wp-block-list\">\n<li><strong>Slutst\u00e4dning:<\/strong> 1&#8217;200 SEK \/ vistelse (betalning p\u00e5 plats)<\/li>\n\n\n\n<li><strong><strong>Husdjur:<\/strong> <\/strong>300 SEK \/ vistelse ( registrering )<\/li>\n<\/ul>\n\n\n\n<p><\/p>\n<\/div>\n<\/div>\n\n\n\n<i style=\"font-size: 25px; font-weight:bold; color:#e31a1d\" class=\"fas fa-smoking-ban\"><\/i><span style=\"font-weight:bold; color:#e31a1d\"> Observera: R\u00f6kning i huset \u00e4r inte till\u00e5tet!<\/span>\n\n\n\n<h2 class=\"wp-block-heading\">Tr\u00e4dg\u00e5rden &#8211; en riktigt v\u00e4lm\u00e5ende oas  <\/h2>\n\n\n\n<p>I v\u00e5r tr\u00e4dg\u00e5rd hittar du mycket som du kommer att tycka om. Vi v\u00e4rmer upp bastun och badtunnan p\u00e5 beg\u00e4ran s\u00e5 att du kan koppla av i sk\u00f6n v\u00e4rme. F\u00f6r en mysig tur p\u00e5 sj\u00f6n eller en fisketur st\u00e5r roddb\u00e5ten med elmotor till ditt f\u00f6rfogande.<\/p>\n\n\n\n<p>F\u00f6redrar du att utforska till fots? De pittoreska kullarna inbjuder till vandring och ger en unik upplevelse mitt i naturen. Cyklar finns ocks\u00e5 tillg\u00e4ngliga s\u00e5 att du kan utforska det omgivande omr\u00e5det.<\/p>\n\n\n\n<p>Avsluta dagen vid v\u00e5r \u00f6ppna eldstad &#8211; laga din gryta eller den popul\u00e4ra schweiziska &#8221;Fondue&#8221; i kitteln. Om v\u00e5ra \u00f6rter och gr\u00f6nsaker \u00e4r redo att sk\u00f6rdas, kan du h\u00e4mta dem hos oss &#8211; direkt fr\u00e5n g\u00e5rden. En g\u00e5ng i veckan bakar vi \u00e4ven br\u00f6d i br\u00f6d- och pizzaugn. V\u00e5ra h\u00f6ns bidrar ocks\u00e5 till att ut\u00f6ka utbudet.<\/p>\n\n\n\n<div class=\"wp-block-getwid-tabs\" data-active-tab=\"0\"><ul class=\"wp-block-getwid-tabs__nav-links\"><\/ul>\n<div class=\"wp-block-getwid-tabs__nav-link\"><span class=\"wp-block-getwid-tabs__title-wrapper\"><a href=\"#\"><span class=\"wp-block-getwid-tabs__title\">Badtunna<\/span><\/a><\/span><\/div><div class=\"wp-block-getwid-tabs__tab-content-wrapper\"><div class=\"wp-block-getwid-tabs__tab-content\">\n<h3 class=\"wp-block-heading\">Badtunna<\/h3>\n\n\n\n<p>Njut av avkopplande \u00f6gonblick med utsikt \u00f6ver den svenska naturen. Att bada i v\u00e5r badtunna \u00e4r en unik upplevelse!<\/p>\n\n\n\n<figure class=\"wp-block-gallery has-nested-images columns-default is-cropped wp-block-gallery-1 is-layout-flex wp-block-gallery-is-layout-flex\">\n<figure class=\"wp-block-image size-full\"><img loading=\"lazy\" decoding=\"async\" width=\"683\" height=\"1024\" data-id=\"3656\" src=\"https:\/\/xn--blsesjn-5wa1o.com\/wp-content\/uploads\/2024\/01\/Design-ohne-Titel.jpg\" alt=\"\" class=\"wp-image-3656\" srcset=\"https:\/\/xn--blsesjn-5wa1o.com\/wp-content\/uploads\/2024\/01\/Design-ohne-Titel.jpg 683w, https:\/\/xn--blsesjn-5wa1o.com\/wp-content\/uploads\/2024\/01\/Design-ohne-Titel-200x300.jpg 200w\" sizes=\"auto, (max-width: 683px) 100vw, 683px\" \/><\/figure>\n\n\n\n<figure class=\"wp-block-image size-full\"><img loading=\"lazy\" decoding=\"async\" width=\"726\" height=\"968\" data-id=\"3567\" src=\"https:\/\/xn--blsesjn-5wa1o.com\/wp-content\/uploads\/2024\/01\/Badtunna-mit-Weg.png\" alt=\"\" class=\"wp-image-3567\" srcset=\"https:\/\/xn--blsesjn-5wa1o.com\/wp-content\/uploads\/2024\/01\/Badtunna-mit-Weg.png 726w, https:\/\/xn--blsesjn-5wa1o.com\/wp-content\/uploads\/2024\/01\/Badtunna-mit-Weg-225x300.png 225w\" sizes=\"auto, (max-width: 726px) 100vw, 726px\" \/><\/figure>\n<\/figure>\n<\/div><\/div>\n\n\n\n<div class=\"wp-block-getwid-tabs__nav-link\"><span class=\"wp-block-getwid-tabs__title-wrapper\"><a href=\"#\"><span class=\"wp-block-getwid-tabs__title\">Bastu<\/span><\/a><\/span><\/div><div class=\"wp-block-getwid-tabs__tab-content-wrapper\"><div class=\"wp-block-getwid-tabs__tab-content\">\n<h3 class=\"wp-block-heading\">Bastu<\/h3>\n\n\n\n<p><br>Unna dig en paus f\u00f6r att revitalisera kropp och sj\u00e4l. Upplev en sk\u00f6n v\u00e4rme och total avkoppling med en underbar utsikt!<\/p>\n\n\n\n<figure class=\"wp-block-gallery has-nested-images columns-default is-cropped wp-block-gallery-2 is-layout-flex wp-block-gallery-is-layout-flex\">\n<figure class=\"wp-block-image size-large\"><img loading=\"lazy\" decoding=\"async\" width=\"628\" height=\"838\" data-id=\"2299\" src=\"https:\/\/xn--blsesjn-5wa1o.com\/wp-content\/uploads\/2021\/09\/Sauna_2.jpg\" alt=\"\" class=\"wp-image-2299\" srcset=\"https:\/\/xn--blsesjn-5wa1o.com\/wp-content\/uploads\/2021\/09\/Sauna_2.jpg 628w, https:\/\/xn--blsesjn-5wa1o.com\/wp-content\/uploads\/2021\/09\/Sauna_2-225x300.jpg 225w\" sizes=\"auto, (max-width: 628px) 100vw, 628px\" \/><\/figure>\n\n\n\n<figure class=\"wp-block-image size-large\"><img loading=\"lazy\" decoding=\"async\" width=\"625\" height=\"833\" data-id=\"2302\" src=\"https:\/\/xn--blsesjn-5wa1o.com\/wp-content\/uploads\/2021\/09\/Sauna_1.jpg\" alt=\"\" class=\"wp-image-2302\" srcset=\"https:\/\/xn--blsesjn-5wa1o.com\/wp-content\/uploads\/2021\/09\/Sauna_1.jpg 625w, https:\/\/xn--blsesjn-5wa1o.com\/wp-content\/uploads\/2021\/09\/Sauna_1-225x300.jpg 225w\" sizes=\"auto, (max-width: 625px) 100vw, 625px\" \/><\/figure>\n<\/figure>\n<\/div><\/div>\n\n\n\n<div class=\"wp-block-getwid-tabs__nav-link\"><span class=\"wp-block-getwid-tabs__title-wrapper\"><a href=\"#\"><span class=\"wp-block-getwid-tabs__title\">B\u00e5t<\/span><\/a><\/span><\/div><div class=\"wp-block-getwid-tabs__tab-content-wrapper\"><div class=\"wp-block-getwid-tabs__tab-content\">\n<h3 class=\"wp-block-heading\">Roddb\u00e5t med elektrisk motor<\/h3>\n\n\n\n<p>Anv\u00e4nd v\u00e5r roddb\u00e5t f\u00f6r att fullt ut njuta av sj\u00f6ns frid eller f\u00f6r att prova lyckan med fiske. Inget fiskekort kr\u00e4vs f\u00f6r att fiska p\u00e5 B\u00e4lsesj\u00f6n. Mer information finns under &#8221;Fiske&#8221;. <\/p>\n\n\n\n<figure class=\"wp-block-gallery has-nested-images columns-default is-cropped wp-block-gallery-3 is-layout-flex wp-block-gallery-is-layout-flex\">\n<figure class=\"wp-block-image size-large\"><img loading=\"lazy\" decoding=\"async\" width=\"683\" height=\"1024\" data-id=\"2306\" src=\"https:\/\/xn--blsesjn-5wa1o.com\/wp-content\/uploads\/2021\/09\/Boot_2-683x1024.jpg\" alt=\"\" class=\"wp-image-2306\" srcset=\"https:\/\/xn--blsesjn-5wa1o.com\/wp-content\/uploads\/2021\/09\/Boot_2-683x1024.jpg 683w, https:\/\/xn--blsesjn-5wa1o.com\/wp-content\/uploads\/2021\/09\/Boot_2-200x300.jpg 200w, https:\/\/xn--blsesjn-5wa1o.com\/wp-content\/uploads\/2021\/09\/Boot_2-768x1152.jpg 768w, https:\/\/xn--blsesjn-5wa1o.com\/wp-content\/uploads\/2021\/09\/Boot_2.jpg 792w\" sizes=\"auto, (max-width: 683px) 100vw, 683px\" \/><\/figure>\n\n\n\n<figure class=\"wp-block-image size-full\"><img loading=\"lazy\" decoding=\"async\" width=\"1033\" height=\"581\" data-id=\"2309\" src=\"https:\/\/xn--blsesjn-5wa1o.com\/wp-content\/uploads\/2021\/09\/Boot_1.jpg\" alt=\"\" class=\"wp-image-2309\" srcset=\"https:\/\/xn--blsesjn-5wa1o.com\/wp-content\/uploads\/2021\/09\/Boot_1.jpg 1033w, https:\/\/xn--blsesjn-5wa1o.com\/wp-content\/uploads\/2021\/09\/Boot_1-300x169.jpg 300w, https:\/\/xn--blsesjn-5wa1o.com\/wp-content\/uploads\/2021\/09\/Boot_1-1024x576.jpg 1024w, https:\/\/xn--blsesjn-5wa1o.com\/wp-content\/uploads\/2021\/09\/Boot_1-768x432.jpg 768w\" sizes=\"auto, (max-width: 1033px) 100vw, 1033px\" \/><\/figure>\n<\/figure>\n<\/div><\/div>\n\n\n\n<div class=\"wp-block-getwid-tabs__nav-link\"><span class=\"wp-block-getwid-tabs__title-wrapper\"><a href=\"#\"><span class=\"wp-block-getwid-tabs__title\">Badplats<\/span><\/a><\/span><\/div><div class=\"wp-block-getwid-tabs__tab-content-wrapper\"><div class=\"wp-block-getwid-tabs__tab-content\">\n<h3 class=\"wp-block-heading\">Badplats vid kvarnen<\/h3>\n\n\n\n<p>I v\u00e5r n\u00e4rhet finns fler idylliska badplatser f\u00f6r bekymmersfria stunder vid sj\u00f6n och ett dopp i svalkande vatten.<\/p>\n\n\n\n<figure class=\"wp-block-gallery has-nested-images columns-default is-cropped wp-block-gallery-4 is-layout-flex wp-block-gallery-is-layout-flex\">\n<figure class=\"wp-block-image size-full\"><img loading=\"lazy\" decoding=\"async\" width=\"739\" height=\"914\" data-id=\"2312\" src=\"https:\/\/xn--blsesjn-5wa1o.com\/wp-content\/uploads\/2021\/09\/Badeplatz.jpg\" alt=\"\" class=\"wp-image-2312\" srcset=\"https:\/\/xn--blsesjn-5wa1o.com\/wp-content\/uploads\/2021\/09\/Badeplatz.jpg 739w, https:\/\/xn--blsesjn-5wa1o.com\/wp-content\/uploads\/2021\/09\/Badeplatz-243x300.jpg 243w\" sizes=\"auto, (max-width: 739px) 100vw, 739px\" \/><\/figure>\n<\/figure>\n<\/div><\/div>\n\n\n\n<div class=\"wp-block-getwid-tabs__nav-link\"><span class=\"wp-block-getwid-tabs__title-wrapper\"><a href=\"#\"><span class=\"wp-block-getwid-tabs__title\">Fiske<\/span><\/a><\/span><\/div><div class=\"wp-block-getwid-tabs__tab-content-wrapper\"><div class=\"wp-block-getwid-tabs__tab-content\">\n<h3 class=\"wp-block-heading\">Fiske<\/h3>\n\n\n\n<p>Fiske p\u00e5 B\u00e4lsesj\u00f6n \u00e4r till\u00e5tet utan fiskekort. F\u00f6r alla andra vattendrag kr\u00e4vs ett fiskekort. Detta kan du skaffa p\u00e5 turistinformationen i Bolln\u00e4s eller p\u00e5 restaurangen Hambokrog Kilafors. V\u00e4nligen ta med din egen fiskeutrustning.<\/p>\n\n\n\n<figure class=\"wp-block-gallery has-nested-images columns-default is-cropped wp-block-gallery-5 is-layout-flex wp-block-gallery-is-layout-flex\">\n<figure class=\"wp-block-image size-large\"><img loading=\"lazy\" decoding=\"async\" width=\"678\" height=\"904\" data-id=\"2316\" src=\"https:\/\/xn--blsesjn-5wa1o.com\/wp-content\/uploads\/2021\/09\/Angeln_2.jpg\" alt=\"\" class=\"wp-image-2316\" srcset=\"https:\/\/xn--blsesjn-5wa1o.com\/wp-content\/uploads\/2021\/09\/Angeln_2.jpg 678w, https:\/\/xn--blsesjn-5wa1o.com\/wp-content\/uploads\/2021\/09\/Angeln_2-225x300.jpg 225w\" sizes=\"auto, (max-width: 678px) 100vw, 678px\" \/><\/figure>\n\n\n\n<figure class=\"wp-block-image size-large\"><img loading=\"lazy\" decoding=\"async\" width=\"672\" height=\"897\" data-id=\"2319\" src=\"https:\/\/xn--blsesjn-5wa1o.com\/wp-content\/uploads\/2021\/09\/Angeln_1.jpg\" alt=\"\" class=\"wp-image-2319\" srcset=\"https:\/\/xn--blsesjn-5wa1o.com\/wp-content\/uploads\/2021\/09\/Angeln_1.jpg 672w, https:\/\/xn--blsesjn-5wa1o.com\/wp-content\/uploads\/2021\/09\/Angeln_1-225x300.jpg 225w\" sizes=\"auto, (max-width: 672px) 100vw, 672px\" \/><\/figure>\n<\/figure>\n<\/div><\/div>\n\n\n\n<div class=\"wp-block-getwid-tabs__nav-link\"><span class=\"wp-block-getwid-tabs__title-wrapper\"><a href=\"#\"><span class=\"wp-block-getwid-tabs__title\">Utek\u00f6k\/Eldplats<\/span><\/a><\/span><\/div><div class=\"wp-block-getwid-tabs__tab-content-wrapper\"><div class=\"wp-block-getwid-tabs__tab-content\">\n<h3 class=\"wp-block-heading\">Utek\u00f6k\/Eldplats<\/h3>\n\n\n\n<p>Grilla, laga mat utomhus eller tillaga specialiteter i en traditionell gryta \u2013 v\u00e5r utrustning skapar perfekta f\u00f6ruts\u00e4ttningar f\u00f6r trevliga kv\u00e4llar under \u00f6ppen himmel, d\u00e4r njutning och gemenskap f\u00f6renas.<\/p>\n\n\n\n<figure class=\"wp-block-gallery has-nested-images columns-default is-cropped wp-block-gallery-6 is-layout-flex wp-block-gallery-is-layout-flex\">\n<figure class=\"wp-block-image size-full\"><img loading=\"lazy\" decoding=\"async\" width=\"833\" height=\"1110\" data-id=\"2323\" src=\"https:\/\/xn--blsesjn-5wa1o.com\/wp-content\/uploads\/2021\/09\/Grill_2.jpg\" alt=\"\" class=\"wp-image-2323\" srcset=\"https:\/\/xn--blsesjn-5wa1o.com\/wp-content\/uploads\/2021\/09\/Grill_2.jpg 833w, https:\/\/xn--blsesjn-5wa1o.com\/wp-content\/uploads\/2021\/09\/Grill_2-225x300.jpg 225w, https:\/\/xn--blsesjn-5wa1o.com\/wp-content\/uploads\/2021\/09\/Grill_2-768x1023.jpg 768w\" sizes=\"auto, (max-width: 833px) 100vw, 833px\" \/><\/figure>\n\n\n\n<figure class=\"wp-block-image size-full\"><img loading=\"lazy\" decoding=\"async\" width=\"1386\" height=\"776\" data-id=\"2326\" src=\"https:\/\/xn--blsesjn-5wa1o.com\/wp-content\/uploads\/2021\/09\/Grill_1.jpg\" alt=\"\" class=\"wp-image-2326\" srcset=\"https:\/\/xn--blsesjn-5wa1o.com\/wp-content\/uploads\/2021\/09\/Grill_1.jpg 1386w, https:\/\/xn--blsesjn-5wa1o.com\/wp-content\/uploads\/2021\/09\/Grill_1-300x168.jpg 300w, https:\/\/xn--blsesjn-5wa1o.com\/wp-content\/uploads\/2021\/09\/Grill_1-1024x573.jpg 1024w, https:\/\/xn--blsesjn-5wa1o.com\/wp-content\/uploads\/2021\/09\/Grill_1-768x430.jpg 768w, https:\/\/xn--blsesjn-5wa1o.com\/wp-content\/uploads\/2021\/09\/Grill_1-1170x655.jpg 1170w\" sizes=\"auto, (max-width: 1386px) 100vw, 1386px\" \/><\/figure>\n<\/figure>\n<\/div><\/div>\n<\/div>\n","protected":false},"excerpt":{"rendered":"<p>Das Sommerhaus liegt ruhig und abgeschieden am See zirka 4 km ausserhalb des kleinen D\u00f6rfchens Kilafors. Das Haus steht auf einem 15\u2018000 m2 grossen Grundst\u00fcck mit Wiesen, Wald und einem direkten Zugang zum See.<\/p>\n","protected":false},"featured_media":3477,"menu_order":0,"comment_status":"closed","ping_status":"closed","template":"","mphb_room_type_category":[89],"mphb_room_type_tag":[],"mphb_room_type_facility":[],"class_list":["post-2576","mphb_room_type","type-mphb_room_type","status-publish","has-post-thumbnail","hentry","mphb_room_type_category-ferienhaus-sv","mphb-room-type-adults-4","mphb-room-type-children-0",""],"yoast_head":"<!-- This site is optimized with the Yoast SEO plugin v26.2 - https:\/\/yoast.com\/wordpress\/plugins\/seo\/ -->\n<title>Stuga i Kilafors vid sj\u00f6n - B\u00e4lsesj\u00f6n<\/title>\n<meta name=\"robots\" content=\"index, follow, max-snippet:-1, max-image-preview:large, max-video-preview:-1\" \/>\n<link rel=\"canonical\" href=\"https:\/\/xn--blsesjn-5wa1o.com\/sv\/accommodation\/sommarhus-i-kilafors-vid-sjoen\/\" \/>\n<meta property=\"og:locale\" content=\"sv_SE\" \/>\n<meta property=\"og:type\" content=\"article\" \/>\n<meta property=\"og:title\" content=\"Stuga i Kilafors vid sj\u00f6n - B\u00e4lsesj\u00f6n\" \/>\n<meta property=\"og:description\" content=\"Das Sommerhaus liegt ruhig und abgeschieden am See zirka 4 km ausserhalb des kleinen D\u00f6rfchens Kilafors. Das Haus steht auf einem 15\u2018000 m2 grossen Grundst\u00fcck mit Wiesen, Wald und einem direkten Zugang zum See.\" \/>\n<meta property=\"og:url\" content=\"https:\/\/xn--blsesjn-5wa1o.com\/sv\/accommodation\/sommarhus-i-kilafors-vid-sjoen\/\" \/>\n<meta property=\"og:site_name\" content=\"B\u00e4lsesj\u00f6n\" \/>\n<meta property=\"article:modified_time\" content=\"2024-01-26T07:25:29+00:00\" \/>\n<meta property=\"og:image\" content=\"https:\/\/xn--blsesjn-5wa1o.com\/wp-content\/uploads\/2024\/01\/20230911_083553-scaled.jpg\" \/>\n\t<meta property=\"og:image:width\" content=\"2560\" \/>\n\t<meta property=\"og:image:height\" content=\"1920\" \/>\n\t<meta property=\"og:image:type\" content=\"image\/jpeg\" \/>\n<meta name=\"twitter:card\" content=\"summary_large_image\" \/>\n<meta name=\"twitter:label1\" content=\"Ber\u00e4knad l\u00e4stid\" \/>\n\t<meta name=\"twitter:data1\" content=\"9 minuter\" \/>\n<script type=\"application\/ld+json\" class=\"yoast-schema-graph\">{\"@context\":\"https:\/\/schema.org\",\"@graph\":[{\"@type\":\"WebPage\",\"@id\":\"https:\/\/xn--blsesjn-5wa1o.com\/sv\/accommodation\/sommarhus-i-kilafors-vid-sjoen\/\",\"url\":\"https:\/\/xn--blsesjn-5wa1o.com\/sv\/accommodation\/sommarhus-i-kilafors-vid-sjoen\/\",\"name\":\"Stuga i Kilafors vid sj\u00f6n - B\u00e4lsesj\u00f6n\",\"isPartOf\":{\"@id\":\"https:\/\/xn--blsesjn-5wa1o.com\/#website\"},\"primaryImageOfPage\":{\"@id\":\"https:\/\/xn--blsesjn-5wa1o.com\/sv\/accommodation\/sommarhus-i-kilafors-vid-sjoen\/#primaryimage\"},\"image\":{\"@id\":\"https:\/\/xn--blsesjn-5wa1o.com\/sv\/accommodation\/sommarhus-i-kilafors-vid-sjoen\/#primaryimage\"},\"thumbnailUrl\":\"https:\/\/xn--blsesjn-5wa1o.com\/wp-content\/uploads\/2024\/01\/20230911_083553-scaled.jpg\",\"datePublished\":\"2020-07-29T07:46:31+00:00\",\"dateModified\":\"2024-01-26T07:25:29+00:00\",\"breadcrumb\":{\"@id\":\"https:\/\/xn--blsesjn-5wa1o.com\/sv\/accommodation\/sommarhus-i-kilafors-vid-sjoen\/#breadcrumb\"},\"inLanguage\":\"sv-SE\",\"potentialAction\":[{\"@type\":\"ReadAction\",\"target\":[\"https:\/\/xn--blsesjn-5wa1o.com\/sv\/accommodation\/sommarhus-i-kilafors-vid-sjoen\/\"]}]},{\"@type\":\"ImageObject\",\"inLanguage\":\"sv-SE\",\"@id\":\"https:\/\/xn--blsesjn-5wa1o.com\/sv\/accommodation\/sommarhus-i-kilafors-vid-sjoen\/#primaryimage\",\"url\":\"https:\/\/xn--blsesjn-5wa1o.com\/wp-content\/uploads\/2024\/01\/20230911_083553-scaled.jpg\",\"contentUrl\":\"https:\/\/xn--blsesjn-5wa1o.com\/wp-content\/uploads\/2024\/01\/20230911_083553-scaled.jpg\",\"width\":2560,\"height\":1920},{\"@type\":\"BreadcrumbList\",\"@id\":\"https:\/\/xn--blsesjn-5wa1o.com\/sv\/accommodation\/sommarhus-i-kilafors-vid-sjoen\/#breadcrumb\",\"itemListElement\":[{\"@type\":\"ListItem\",\"position\":1,\"name\":\"Startseite\",\"item\":\"https:\/\/xn--blsesjn-5wa1o.com\/sv\/\"},{\"@type\":\"ListItem\",\"position\":2,\"name\":\"Unterkunftsarten\",\"item\":\"https:\/\/xn--blsesjn-5wa1o.com\/accommodation\/\"},{\"@type\":\"ListItem\",\"position\":3,\"name\":\"Stuga i Kilafors vid sj\u00f6n\"}]},{\"@type\":\"WebSite\",\"@id\":\"https:\/\/xn--blsesjn-5wa1o.com\/#website\",\"url\":\"https:\/\/xn--blsesjn-5wa1o.com\/\",\"name\":\"B\u00e4lsesj\u00f6n\",\"description\":\"Ferienhaus in Schweden am See\",\"potentialAction\":[{\"@type\":\"SearchAction\",\"target\":{\"@type\":\"EntryPoint\",\"urlTemplate\":\"https:\/\/xn--blsesjn-5wa1o.com\/?s={search_term_string}\"},\"query-input\":{\"@type\":\"PropertyValueSpecification\",\"valueRequired\":true,\"valueName\":\"search_term_string\"}}],\"inLanguage\":\"sv-SE\"}]}<\/script>\n<!-- \/ Yoast SEO plugin. -->","yoast_head_json":{"title":"Stuga i Kilafors vid sj\u00f6n - B\u00e4lsesj\u00f6n","robots":{"index":"index","follow":"follow","max-snippet":"max-snippet:-1","max-image-preview":"max-image-preview:large","max-video-preview":"max-video-preview:-1"},"canonical":"https:\/\/xn--blsesjn-5wa1o.com\/sv\/accommodation\/sommarhus-i-kilafors-vid-sjoen\/","og_locale":"sv_SE","og_type":"article","og_title":"Stuga i Kilafors vid sj\u00f6n - B\u00e4lsesj\u00f6n","og_description":"Das Sommerhaus liegt ruhig und abgeschieden am See zirka 4 km ausserhalb des kleinen D\u00f6rfchens Kilafors. Das Haus steht auf einem 15\u2018000 m2 grossen Grundst\u00fcck mit Wiesen, Wald und einem direkten Zugang zum See.","og_url":"https:\/\/xn--blsesjn-5wa1o.com\/sv\/accommodation\/sommarhus-i-kilafors-vid-sjoen\/","og_site_name":"B\u00e4lsesj\u00f6n","article_modified_time":"2024-01-26T07:25:29+00:00","og_image":[{"width":2560,"height":1920,"url":"https:\/\/xn--blsesjn-5wa1o.com\/wp-content\/uploads\/2024\/01\/20230911_083553-scaled.jpg","type":"image\/jpeg"}],"twitter_card":"summary_large_image","twitter_misc":{"Ber\u00e4knad l\u00e4stid":"9 minuter"},"schema":{"@context":"https:\/\/schema.org","@graph":[{"@type":"WebPage","@id":"https:\/\/xn--blsesjn-5wa1o.com\/sv\/accommodation\/sommarhus-i-kilafors-vid-sjoen\/","url":"https:\/\/xn--blsesjn-5wa1o.com\/sv\/accommodation\/sommarhus-i-kilafors-vid-sjoen\/","name":"Stuga i Kilafors vid sj\u00f6n - B\u00e4lsesj\u00f6n","isPartOf":{"@id":"https:\/\/xn--blsesjn-5wa1o.com\/#website"},"primaryImageOfPage":{"@id":"https:\/\/xn--blsesjn-5wa1o.com\/sv\/accommodation\/sommarhus-i-kilafors-vid-sjoen\/#primaryimage"},"image":{"@id":"https:\/\/xn--blsesjn-5wa1o.com\/sv\/accommodation\/sommarhus-i-kilafors-vid-sjoen\/#primaryimage"},"thumbnailUrl":"https:\/\/xn--blsesjn-5wa1o.com\/wp-content\/uploads\/2024\/01\/20230911_083553-scaled.jpg","datePublished":"2020-07-29T07:46:31+00:00","dateModified":"2024-01-26T07:25:29+00:00","breadcrumb":{"@id":"https:\/\/xn--blsesjn-5wa1o.com\/sv\/accommodation\/sommarhus-i-kilafors-vid-sjoen\/#breadcrumb"},"inLanguage":"sv-SE","potentialAction":[{"@type":"ReadAction","target":["https:\/\/xn--blsesjn-5wa1o.com\/sv\/accommodation\/sommarhus-i-kilafors-vid-sjoen\/"]}]},{"@type":"ImageObject","inLanguage":"sv-SE","@id":"https:\/\/xn--blsesjn-5wa1o.com\/sv\/accommodation\/sommarhus-i-kilafors-vid-sjoen\/#primaryimage","url":"https:\/\/xn--blsesjn-5wa1o.com\/wp-content\/uploads\/2024\/01\/20230911_083553-scaled.jpg","contentUrl":"https:\/\/xn--blsesjn-5wa1o.com\/wp-content\/uploads\/2024\/01\/20230911_083553-scaled.jpg","width":2560,"height":1920},{"@type":"BreadcrumbList","@id":"https:\/\/xn--blsesjn-5wa1o.com\/sv\/accommodation\/sommarhus-i-kilafors-vid-sjoen\/#breadcrumb","itemListElement":[{"@type":"ListItem","position":1,"name":"Startseite","item":"https:\/\/xn--blsesjn-5wa1o.com\/sv\/"},{"@type":"ListItem","position":2,"name":"Unterkunftsarten","item":"https:\/\/xn--blsesjn-5wa1o.com\/accommodation\/"},{"@type":"ListItem","position":3,"name":"Stuga i Kilafors vid sj\u00f6n"}]},{"@type":"WebSite","@id":"https:\/\/xn--blsesjn-5wa1o.com\/#website","url":"https:\/\/xn--blsesjn-5wa1o.com\/","name":"B\u00e4lsesj\u00f6n","description":"Ferienhaus in Schweden am See","potentialAction":[{"@type":"SearchAction","target":{"@type":"EntryPoint","urlTemplate":"https:\/\/xn--blsesjn-5wa1o.com\/?s={search_term_string}"},"query-input":{"@type":"PropertyValueSpecification","valueRequired":true,"valueName":"search_term_string"}}],"inLanguage":"sv-SE"}]}},"_links":{"self":[{"href":"https:\/\/xn--blsesjn-5wa1o.com\/sv\/wp-json\/wp\/v2\/mphb_room_type\/2576","targetHints":{"allow":["GET"]}}],"collection":[{"href":"https:\/\/xn--blsesjn-5wa1o.com\/sv\/wp-json\/wp\/v2\/mphb_room_type"}],"about":[{"href":"https:\/\/xn--blsesjn-5wa1o.com\/sv\/wp-json\/wp\/v2\/types\/mphb_room_type"}],"replies":[{"embeddable":true,"href":"https:\/\/xn--blsesjn-5wa1o.com\/sv\/wp-json\/wp\/v2\/comments?post=2576"}],"wp:featuredmedia":[{"embeddable":true,"href":"https:\/\/xn--blsesjn-5wa1o.com\/sv\/wp-json\/wp\/v2\/media\/3477"}],"wp:attachment":[{"href":"https:\/\/xn--blsesjn-5wa1o.com\/sv\/wp-json\/wp\/v2\/media?parent=2576"}],"wp:term":[{"taxonomy":"mphb_room_type_category","embeddable":true,"href":"https:\/\/xn--blsesjn-5wa1o.com\/sv\/wp-json\/wp\/v2\/mphb_room_type_category?post=2576"},{"taxonomy":"mphb_room_type_tag","embeddable":true,"href":"https:\/\/xn--blsesjn-5wa1o.com\/sv\/wp-json\/wp\/v2\/mphb_room_type_tag?post=2576"},{"taxonomy":"mphb_room_type_facility","embeddable":true,"href":"https:\/\/xn--blsesjn-5wa1o.com\/sv\/wp-json\/wp\/v2\/mphb_room_type_facility?post=2576"}],"curies":[{"name":"wp","href":"https:\/\/api.w.org\/{rel}","templated":true}]}}