




{"id":2609,"date":"2021-09-30T09:38:02","date_gmt":"2021-09-30T09:38:02","guid":{"rendered":"https:\/\/xn--blsesjn-5wa1o.com\/om-oss\/"},"modified":"2024-01-26T07:24:35","modified_gmt":"2024-01-26T07:24:35","slug":"om-oss","status":"publish","type":"page","link":"https:\/\/xn--blsesjn-5wa1o.com\/sv\/om-oss\/","title":{"rendered":"Om oss"},"content":{"rendered":"<div class=\"wp-block-image\">\n<figure class=\"aligncenter size-full\"><img loading=\"lazy\" decoding=\"async\" width=\"1446\" height=\"826\" src=\"https:\/\/xn--blsesjn-5wa1o.com\/wp-content\/uploads\/2021\/09\/renate_und_stefan.jpg\" alt=\"\" class=\"wp-image-2480\" srcset=\"https:\/\/xn--blsesjn-5wa1o.com\/wp-content\/uploads\/2021\/09\/renate_und_stefan.jpg 1446w, https:\/\/xn--blsesjn-5wa1o.com\/wp-content\/uploads\/2021\/09\/renate_und_stefan-300x171.jpg 300w, https:\/\/xn--blsesjn-5wa1o.com\/wp-content\/uploads\/2021\/09\/renate_und_stefan-1024x585.jpg 1024w, https:\/\/xn--blsesjn-5wa1o.com\/wp-content\/uploads\/2021\/09\/renate_und_stefan-768x439.jpg 768w, https:\/\/xn--blsesjn-5wa1o.com\/wp-content\/uploads\/2021\/09\/renate_und_stefan-1170x668.jpg 1170w\" sizes=\"auto, (max-width: 1446px) 100vw, 1446px\" \/><\/figure><\/div>\n<p>Efter m\u00e5nga resor till Sverige, d\u00e4r vi haft f\u00f6rm\u00e5nen att njuta av den vidstr\u00e4ckta och fridfulla svenska naturen, f\u00f6rverkligade vi en stor dr\u00f6m sommaren 2014 genom att f\u00f6rv\u00e4rva v\u00e5r fastighet i Belse.<\/p>\n\n<p>Under de senaste 40 \u00e5ren har vi b\u00e5da samlat p\u00e5 oss omfattande yrkeserfarenhet inom design, hantverk och v\u00e5rd.<\/p>\n\n<p>V\u00e5r vackra fastighet ger oss nu m\u00f6jlighet att f\u00f6rverkliga m\u00e5nga av v\u00e5ra id\u00e9er, \u00f6nskem\u00e5l och dr\u00f6mmar. <\/p>\n\n<p>Med byggandet av g\u00e4sthuset 2020\/2021 tog vi \u00e4nnu ett steg mot v\u00e5r utvandring. V\u00e5ren 2022 tog vi farv\u00e4l av Schweiz och p\u00e5b\u00f6rjade v\u00e5rt nya \u00e4ventyr i Sverige.<\/p>\n\n<p>V\u00e5ra tv\u00e5 s\u00f6ner Dominic-Micha och Nicola-Jannis lever fortfarande i Schweiz.<\/p>\n\n<p>Tillsammans med v\u00e5r labrador och tv\u00e5 katter bor vi p\u00e5 v\u00e5r 1,5 hektar stora tomt i Belse.<\/p>\n\n<p>Vi ser fram emot ditt bes\u00f6k!<\/p>\n\n<p>Renate &amp; Stefan<\/p>\n","protected":false},"excerpt":{"rendered":"<p>Efter m\u00e5nga resor till Sverige, d\u00e4r vi haft f\u00f6rm\u00e5nen att njuta av den vidstr\u00e4ckta och fridfulla svenska naturen, f\u00f6rverkligade vi en stor dr\u00f6m sommaren 2014 genom att f\u00f6rv\u00e4rva v\u00e5r fastighet i Belse. Under de senaste 40 \u00e5ren har vi b\u00e5da samlat p\u00e5 oss omfattande yrkeserfarenhet inom design, hantverk och v\u00e5rd. V\u00e5r vackra fastighet ger oss [&hellip;]<\/p>\n","protected":false},"author":1,"featured_media":0,"parent":0,"menu_order":0,"comment_status":"closed","ping_status":"closed","template":"template-front-page.php","meta":{"inline_featured_image":false,"footnotes":""},"class_list":["post-2609","page","type-page","status-publish","hentry"],"yoast_head":"<!-- This site is optimized with the Yoast SEO plugin v26.2 - https:\/\/yoast.com\/wordpress\/plugins\/seo\/ -->\n<title>Om oss - B\u00e4lsesj\u00f6n<\/title>\n<meta name=\"robots\" content=\"index, follow, max-snippet:-1, max-image-preview:large, max-video-preview:-1\" \/>\n<link rel=\"canonical\" href=\"https:\/\/xn--blsesjn-5wa1o.com\/sv\/om-oss\/\" \/>\n<meta property=\"og:locale\" content=\"sv_SE\" \/>\n<meta property=\"og:type\" content=\"article\" \/>\n<meta property=\"og:title\" content=\"Om oss - B\u00e4lsesj\u00f6n\" \/>\n<meta property=\"og:description\" content=\"Efter m\u00e5nga resor till Sverige, d\u00e4r vi haft f\u00f6rm\u00e5nen att njuta av den vidstr\u00e4ckta och fridfulla svenska naturen, f\u00f6rverkligade vi en stor dr\u00f6m sommaren 2014 genom att f\u00f6rv\u00e4rva v\u00e5r fastighet i Belse. Under de senaste 40 \u00e5ren har vi b\u00e5da samlat p\u00e5 oss omfattande yrkeserfarenhet inom design, hantverk och v\u00e5rd. V\u00e5r vackra fastighet ger oss [&hellip;]\" \/>\n<meta property=\"og:url\" content=\"https:\/\/xn--blsesjn-5wa1o.com\/sv\/om-oss\/\" \/>\n<meta property=\"og:site_name\" content=\"B\u00e4lsesj\u00f6n\" \/>\n<meta property=\"article:modified_time\" content=\"2024-01-26T07:24:35+00:00\" \/>\n<meta property=\"og:image\" content=\"https:\/\/xn--blsesjn-5wa1o.com\/wp-content\/uploads\/2021\/09\/renate_und_stefan.jpg\" \/>\n<meta name=\"twitter:card\" content=\"summary_large_image\" \/>\n<meta name=\"twitter:label1\" content=\"Ber\u00e4knad l\u00e4stid\" \/>\n\t<meta name=\"twitter:data1\" content=\"1 minut\" \/>\n<script type=\"application\/ld+json\" class=\"yoast-schema-graph\">{\"@context\":\"https:\/\/schema.org\",\"@graph\":[{\"@type\":\"WebPage\",\"@id\":\"https:\/\/xn--blsesjn-5wa1o.com\/sv\/om-oss\/\",\"url\":\"https:\/\/xn--blsesjn-5wa1o.com\/sv\/om-oss\/\",\"name\":\"Om oss - B\u00e4lsesj\u00f6n\",\"isPartOf\":{\"@id\":\"https:\/\/xn--blsesjn-5wa1o.com\/#website\"},\"primaryImageOfPage\":{\"@id\":\"https:\/\/xn--blsesjn-5wa1o.com\/sv\/om-oss\/#primaryimage\"},\"image\":{\"@id\":\"https:\/\/xn--blsesjn-5wa1o.com\/sv\/om-oss\/#primaryimage\"},\"thumbnailUrl\":\"https:\/\/xn--blsesjn-5wa1o.com\/wp-content\/uploads\/2021\/09\/renate_und_stefan.jpg\",\"datePublished\":\"2021-09-30T09:38:02+00:00\",\"dateModified\":\"2024-01-26T07:24:35+00:00\",\"breadcrumb\":{\"@id\":\"https:\/\/xn--blsesjn-5wa1o.com\/sv\/om-oss\/#breadcrumb\"},\"inLanguage\":\"sv-SE\",\"potentialAction\":[{\"@type\":\"ReadAction\",\"target\":[\"https:\/\/xn--blsesjn-5wa1o.com\/sv\/om-oss\/\"]}]},{\"@type\":\"ImageObject\",\"inLanguage\":\"sv-SE\",\"@id\":\"https:\/\/xn--blsesjn-5wa1o.com\/sv\/om-oss\/#primaryimage\",\"url\":\"https:\/\/xn--blsesjn-5wa1o.com\/wp-content\/uploads\/2021\/09\/renate_und_stefan.jpg\",\"contentUrl\":\"https:\/\/xn--blsesjn-5wa1o.com\/wp-content\/uploads\/2021\/09\/renate_und_stefan.jpg\"},{\"@type\":\"BreadcrumbList\",\"@id\":\"https:\/\/xn--blsesjn-5wa1o.com\/sv\/om-oss\/#breadcrumb\",\"itemListElement\":[{\"@type\":\"ListItem\",\"position\":1,\"name\":\"Startseite\",\"item\":\"https:\/\/xn--blsesjn-5wa1o.com\/sv\/\"},{\"@type\":\"ListItem\",\"position\":2,\"name\":\"Om oss\"}]},{\"@type\":\"WebSite\",\"@id\":\"https:\/\/xn--blsesjn-5wa1o.com\/#website\",\"url\":\"https:\/\/xn--blsesjn-5wa1o.com\/\",\"name\":\"B\u00e4lsesj\u00f6n\",\"description\":\"Ferienhaus in Schweden am See\",\"potentialAction\":[{\"@type\":\"SearchAction\",\"target\":{\"@type\":\"EntryPoint\",\"urlTemplate\":\"https:\/\/xn--blsesjn-5wa1o.com\/?s={search_term_string}\"},\"query-input\":{\"@type\":\"PropertyValueSpecification\",\"valueRequired\":true,\"valueName\":\"search_term_string\"}}],\"inLanguage\":\"sv-SE\"}]}<\/script>\n<!-- \/ Yoast SEO plugin. -->","yoast_head_json":{"title":"Om oss - B\u00e4lsesj\u00f6n","robots":{"index":"index","follow":"follow","max-snippet":"max-snippet:-1","max-image-preview":"max-image-preview:large","max-video-preview":"max-video-preview:-1"},"canonical":"https:\/\/xn--blsesjn-5wa1o.com\/sv\/om-oss\/","og_locale":"sv_SE","og_type":"article","og_title":"Om oss - B\u00e4lsesj\u00f6n","og_description":"Efter m\u00e5nga resor till Sverige, d\u00e4r vi haft f\u00f6rm\u00e5nen att njuta av den vidstr\u00e4ckta och fridfulla svenska naturen, f\u00f6rverkligade vi en stor dr\u00f6m sommaren 2014 genom att f\u00f6rv\u00e4rva v\u00e5r fastighet i Belse. Under de senaste 40 \u00e5ren har vi b\u00e5da samlat p\u00e5 oss omfattande yrkeserfarenhet inom design, hantverk och v\u00e5rd. V\u00e5r vackra fastighet ger oss [&hellip;]","og_url":"https:\/\/xn--blsesjn-5wa1o.com\/sv\/om-oss\/","og_site_name":"B\u00e4lsesj\u00f6n","article_modified_time":"2024-01-26T07:24:35+00:00","og_image":[{"url":"https:\/\/xn--blsesjn-5wa1o.com\/wp-content\/uploads\/2021\/09\/renate_und_stefan.jpg","type":"","width":"","height":""}],"twitter_card":"summary_large_image","twitter_misc":{"Ber\u00e4knad l\u00e4stid":"1 minut"},"schema":{"@context":"https:\/\/schema.org","@graph":[{"@type":"WebPage","@id":"https:\/\/xn--blsesjn-5wa1o.com\/sv\/om-oss\/","url":"https:\/\/xn--blsesjn-5wa1o.com\/sv\/om-oss\/","name":"Om oss - B\u00e4lsesj\u00f6n","isPartOf":{"@id":"https:\/\/xn--blsesjn-5wa1o.com\/#website"},"primaryImageOfPage":{"@id":"https:\/\/xn--blsesjn-5wa1o.com\/sv\/om-oss\/#primaryimage"},"image":{"@id":"https:\/\/xn--blsesjn-5wa1o.com\/sv\/om-oss\/#primaryimage"},"thumbnailUrl":"https:\/\/xn--blsesjn-5wa1o.com\/wp-content\/uploads\/2021\/09\/renate_und_stefan.jpg","datePublished":"2021-09-30T09:38:02+00:00","dateModified":"2024-01-26T07:24:35+00:00","breadcrumb":{"@id":"https:\/\/xn--blsesjn-5wa1o.com\/sv\/om-oss\/#breadcrumb"},"inLanguage":"sv-SE","potentialAction":[{"@type":"ReadAction","target":["https:\/\/xn--blsesjn-5wa1o.com\/sv\/om-oss\/"]}]},{"@type":"ImageObject","inLanguage":"sv-SE","@id":"https:\/\/xn--blsesjn-5wa1o.com\/sv\/om-oss\/#primaryimage","url":"https:\/\/xn--blsesjn-5wa1o.com\/wp-content\/uploads\/2021\/09\/renate_und_stefan.jpg","contentUrl":"https:\/\/xn--blsesjn-5wa1o.com\/wp-content\/uploads\/2021\/09\/renate_und_stefan.jpg"},{"@type":"BreadcrumbList","@id":"https:\/\/xn--blsesjn-5wa1o.com\/sv\/om-oss\/#breadcrumb","itemListElement":[{"@type":"ListItem","position":1,"name":"Startseite","item":"https:\/\/xn--blsesjn-5wa1o.com\/sv\/"},{"@type":"ListItem","position":2,"name":"Om oss"}]},{"@type":"WebSite","@id":"https:\/\/xn--blsesjn-5wa1o.com\/#website","url":"https:\/\/xn--blsesjn-5wa1o.com\/","name":"B\u00e4lsesj\u00f6n","description":"Ferienhaus in Schweden am See","potentialAction":[{"@type":"SearchAction","target":{"@type":"EntryPoint","urlTemplate":"https:\/\/xn--blsesjn-5wa1o.com\/?s={search_term_string}"},"query-input":{"@type":"PropertyValueSpecification","valueRequired":true,"valueName":"search_term_string"}}],"inLanguage":"sv-SE"}]}},"_links":{"self":[{"href":"https:\/\/xn--blsesjn-5wa1o.com\/sv\/wp-json\/wp\/v2\/pages\/2609","targetHints":{"allow":["GET"]}}],"collection":[{"href":"https:\/\/xn--blsesjn-5wa1o.com\/sv\/wp-json\/wp\/v2\/pages"}],"about":[{"href":"https:\/\/xn--blsesjn-5wa1o.com\/sv\/wp-json\/wp\/v2\/types\/page"}],"author":[{"embeddable":true,"href":"https:\/\/xn--blsesjn-5wa1o.com\/sv\/wp-json\/wp\/v2\/users\/1"}],"replies":[{"embeddable":true,"href":"https:\/\/xn--blsesjn-5wa1o.com\/sv\/wp-json\/wp\/v2\/comments?post=2609"}],"version-history":[{"count":6,"href":"https:\/\/xn--blsesjn-5wa1o.com\/sv\/wp-json\/wp\/v2\/pages\/2609\/revisions"}],"predecessor-version":[{"id":3544,"href":"https:\/\/xn--blsesjn-5wa1o.com\/sv\/wp-json\/wp\/v2\/pages\/2609\/revisions\/3544"}],"wp:attachment":[{"href":"https:\/\/xn--blsesjn-5wa1o.com\/sv\/wp-json\/wp\/v2\/media?parent=2609"}],"curies":[{"name":"wp","href":"https:\/\/api.w.org\/{rel}","templated":true}]}}